{"id":1506,"date":"2021-02-18T15:06:16","date_gmt":"2021-02-18T14:06:16","guid":{"rendered":"https:\/\/duhovyrok.sk\/tepla-vlna\/?page_id=1506"},"modified":"2021-02-18T15:06:17","modified_gmt":"2021-02-18T14:06:17","slug":"o-projekte","status":"publish","type":"page","link":"https:\/\/duhovyrok.sk\/tepla-vlna\/o-projekte\/","title":{"rendered":"O projekte"},"content":{"rendered":"\n<p><strong>Tepl\u00e1 komunita je pestr\u00e1, tvoria ju tis\u00edce rozdielnych \u013eud\u00ed. Nie je to jednoliata masa, ale mno\u017estvo jedine\u010dn\u00fdch pr\u00edbehov. Boli by sme radi, keby ste si mohli tie pr\u00edbehy vypo\u010du\u0165 aj vy.<\/strong><\/p>\n\n\n\n<p>Ver\u00edme, \u017ee v\u00e1s bud\u00fa in\u0161pirova\u0165, \u017ee v\u00e1m dodaj\u00fa silu a n\u00e1dej, pom\u00f4\u017eu lep\u0161ie spozna\u0165 svet okolo alebo aj sam\u00fdch seba.<\/p>\n\n\n\n<p>Tepl\u00e1 vlna v\u00e1m prin\u00e1\u0161a podcasty a vide\u00e1 o \u017eivote LGBTI \u013eud\u00ed. Tepl\u00e1 vlna bude p\u00fatavou jazdou queer svetom.<\/p>\n\n\n\n<figure class=\"wp-block-gallery columns-2 is-cropped wp-block-gallery-1 is-layout-flex wp-block-gallery-is-layout-flex\"><ul class=\"blocks-gallery-grid\"><li class=\"blocks-gallery-item\"><figure><img loading=\"lazy\" decoding=\"async\" width=\"200\" height=\"150\" src=\"https:\/\/duhovyrok.sk\/tepla-vlna\/wp-content\/uploads\/sites\/3\/2021\/02\/donor-01.png\" alt=\"\" data-id=\"1507\" data-link=\"https:\/\/duhovyrok.sk\/tepla-vlna\/?attachment_id=1507\" class=\"wp-image-1507\"\/><\/figure><\/li><li class=\"blocks-gallery-item\"><figure><img loading=\"lazy\" decoding=\"async\" width=\"201\" height=\"150\" src=\"https:\/\/duhovyrok.sk\/tepla-vlna\/wp-content\/uploads\/sites\/3\/2021\/02\/donor-02.png\" alt=\"\" data-id=\"1508\" data-link=\"https:\/\/duhovyrok.sk\/tepla-vlna\/?attachment_id=1508\" class=\"wp-image-1508\"\/><\/figure><\/li><\/ul><\/figure>\n\n\n\n<p>Z verejn\u00fdch zdrojov podporil Fond na podporu umenia.<\/p>\n\n\n\n<p>Realizovan\u00e9 s finan\u010dnou podporou Ministerstva spravodlivosti SR v r\u00e1mci dota\u010dn\u00e9ho programu na presadzovanie, podporu a ochranu \u013eudsk\u00fdch pr\u00e1v a slob\u00f4d a na predch\u00e1dzanie v\u0161etk\u00fdm form\u00e1m diskrimin\u00e1cie, rasizmu, xenof\u00f3bie, antisemitizmu a ostatn\u00fdm prejavom intolerancie.<\/p>\n\n\n\n<p>Za obsah tohto dokumentu v\u00fdlu\u010dne zodpoved\u00e1 Nomantinels.<\/p>\n","protected":false},"excerpt":{"rendered":"<p>Tepl\u00e1 komunita je pestr\u00e1, tvoria ju tis\u00edce rozdielnych \u013eud\u00ed. Nie je to jednoliata masa, ale mno\u017estvo jedine\u010dn\u00fdch pr\u00edbehov. Boli by sme radi, keby ste si mohli tie pr\u00edbehy vypo\u010du\u0165 aj <a href=\"https:\/\/duhovyrok.sk\/tepla-vlna\/o-projekte\/\" class=\"more-link\">&#8230;<\/a><\/p>\n","protected":false},"author":1,"featured_media":0,"parent":0,"menu_order":0,"comment_status":"closed","ping_status":"closed","template":"","meta":{"footnotes":""},"class_list":["post-1506","page","type-page","status-publish","hentry"],"_links":{"self":[{"href":"https:\/\/duhovyrok.sk\/tepla-vlna\/wp-json\/wp\/v2\/pages\/1506","targetHints":{"allow":["GET"]}}],"collection":[{"href":"https:\/\/duhovyrok.sk\/tepla-vlna\/wp-json\/wp\/v2\/pages"}],"about":[{"href":"https:\/\/duhovyrok.sk\/tepla-vlna\/wp-json\/wp\/v2\/types\/page"}],"author":[{"embeddable":true,"href":"https:\/\/duhovyrok.sk\/tepla-vlna\/wp-json\/wp\/v2\/users\/1"}],"replies":[{"embeddable":true,"href":"https:\/\/duhovyrok.sk\/tepla-vlna\/wp-json\/wp\/v2\/comments?post=1506"}],"version-history":[{"count":1,"href":"https:\/\/duhovyrok.sk\/tepla-vlna\/wp-json\/wp\/v2\/pages\/1506\/revisions"}],"predecessor-version":[{"id":1509,"href":"https:\/\/duhovyrok.sk\/tepla-vlna\/wp-json\/wp\/v2\/pages\/1506\/revisions\/1509"}],"wp:attachment":[{"href":"https:\/\/duhovyrok.sk\/tepla-vlna\/wp-json\/wp\/v2\/media?parent=1506"}],"curies":[{"name":"wp","href":"https:\/\/api.w.org\/{rel}","templated":true}]}}